{"id":219,"date":"2019-09-15T16:40:10","date_gmt":"2019-09-15T14:40:10","guid":{"rendered":"https:\/\/cap-ailly.com\/capaillyblog\/?page_id=219"},"modified":"2019-09-17T08:09:31","modified_gmt":"2019-09-17T06:09:31","slug":"galeries-photos","status":"publish","type":"page","link":"https:\/\/cap-ailly.com\/capaillyblog\/galeries-photos\/","title":{"rendered":"Galerie Photos"},"content":{"rendered":"<div id=\"jig1\" class=\"justified-image-grid jig-67223ac13cfedf466801db26816a74c1 jig-preset-global jig-source-wp-gallery\"><div class=\"jig-clearfix\"><\/div><noscript id=\"jig1-html\" class=\"justified-image-grid-html\" data-lazy-src=\"skiplazyload\" data-src=\"skipunveillazyload\"><ul><li><a href=\"https:\/\/cap-ailly.com\/capaillyblog\/wp-content\/uploads\/2019\/09\/plage_ste_marg-1024x576.jpg\"><img loading=\"lazy\" decoding=\"async\" src=\"https:\/\/cap-ailly.com\/capaillyblog\/wp-content\/plugins\/justified-image-grid\/timthumb.php?src=https%3A%2F%2Fcap-ailly.com%2Fcapaillyblog%2Fwp-content%2Fuploads%2F2019%2F09%2Fplage_ste_marg-1024x576.jpg&amp;h=230&amp;q=90&amp;f=.jpg\" alt=\"La plage de Ste Marguerite\" width=\"408\" height=\"230\" \/><\/a><p class=\"jig-HTMLdescription\">La plage de Ste Marguerite<\/p><\/li><li><a href=\"https:\/\/cap-ailly.com\/capaillyblog\/wp-content\/uploads\/2019\/09\/phare_nuit_2000_1200-1024x614.jpg\"><img loading=\"lazy\" decoding=\"async\" src=\"https:\/\/cap-ailly.com\/capaillyblog\/wp-content\/plugins\/justified-image-grid\/timthumb.php?src=https%3A%2F%2Fcap-ailly.com%2Fcapaillyblog%2Fwp-content%2Fuploads%2F2019%2F09%2Fphare_nuit_2000_1200-1024x614.jpg&amp;h=230&amp;q=90&amp;f=.jpg\" alt=\"Le Phare d&#039;Ailly la nuit\" width=\"383\" height=\"230\" \/><\/a><p class=\"jig-HTMLdescription\">Le Phare d'Ailly la nuit<\/p><\/li><li><a href=\"https:\/\/cap-ailly.com\/capaillyblog\/wp-content\/uploads\/2019\/09\/Phare_46_300_2000_1200-1024x614.jpg\"><img loading=\"lazy\" decoding=\"async\" src=\"https:\/\/cap-ailly.com\/capaillyblog\/wp-content\/plugins\/justified-image-grid\/timthumb.php?src=https%3A%2F%2Fcap-ailly.com%2Fcapaillyblog%2Fwp-content%2Fuploads%2F2019%2F09%2FPhare_46_300_2000_1200-1024x614.jpg&amp;h=230&amp;q=90&amp;f=.jpg\" alt=\"Le Phare d&#039;Ailly\" width=\"383\" height=\"230\" \/><\/a><p class=\"jig-HTMLdescription\">Le Phare d'Ailly<\/p><\/li><li><a href=\"https:\/\/cap-ailly.com\/capaillyblog\/wp-content\/uploads\/2019\/09\/CapAillyDrone-1024x471.jpg\"><img loading=\"lazy\" decoding=\"async\" src=\"https:\/\/cap-ailly.com\/capaillyblog\/wp-content\/plugins\/justified-image-grid\/timthumb.php?src=https%3A%2F%2Fcap-ailly.com%2Fcapaillyblog%2Fwp-content%2Fuploads%2F2019%2F09%2FCapAillyDrone-1024x471.jpg&amp;h=230&amp;q=90&amp;f=.jpg\" alt=\"Le Cap d&#039;Ailly\" width=\"500\" height=\"230\" \/><\/a><p class=\"jig-HTMLdescription\">Le Cap d'Ailly<\/p><\/li><li><a href=\"https:\/\/cap-ailly.com\/capaillyblog\/wp-content\/uploads\/2019\/09\/PHARE-AILLY-07-1-1024x678.jpg\"><img loading=\"lazy\" decoding=\"async\" src=\"https:\/\/cap-ailly.com\/capaillyblog\/wp-content\/plugins\/justified-image-grid\/timthumb.php?src=https%3A%2F%2Fcap-ailly.com%2Fcapaillyblog%2Fwp-content%2Fuploads%2F2019%2F09%2FPHARE-AILLY-07-1-1024x678.jpg&amp;h=230&amp;q=90&amp;f=.jpg\" alt=\"Dans la for\u00eat, le phare \u00e9merge de la canop\u00e9e\" width=\"347\" height=\"230\" \/><\/a><p class=\"jig-HTMLdescription\">Dans la for\u00eat, le phare \u00e9merge de la canop\u00e9e<\/p><\/li><li><a href=\"https:\/\/cap-ailly.com\/capaillyblog\/wp-content\/uploads\/2019\/09\/PHARE-AILLY-08-1-1024x678.jpg\"><img loading=\"lazy\" decoding=\"async\" src=\"https:\/\/cap-ailly.com\/capaillyblog\/wp-content\/plugins\/justified-image-grid\/timthumb.php?src=https%3A%2F%2Fcap-ailly.com%2Fcapaillyblog%2Fwp-content%2Fuploads%2F2019%2F09%2FPHARE-AILLY-08-1-1024x678.jpg&amp;h=230&amp;q=90&amp;f=.jpg\" alt=\"Le phare vu du ciel\" width=\"347\" height=\"230\" \/><\/a><p class=\"jig-HTMLdescription\">Le phare vu du ciel<\/p><\/li><li><a href=\"https:\/\/cap-ailly.com\/capaillyblog\/wp-content\/uploads\/2019\/09\/PHARE-AILLY-10-1-1024x641.jpg\"><img loading=\"lazy\" decoding=\"async\" src=\"https:\/\/cap-ailly.com\/capaillyblog\/wp-content\/plugins\/justified-image-grid\/timthumb.php?src=https%3A%2F%2Fcap-ailly.com%2Fcapaillyblog%2Fwp-content%2Fuploads%2F2019%2F09%2FPHARE-AILLY-10-1-1024x641.jpg&amp;h=230&amp;q=90&amp;f=.jpg\" alt=\"Falaises d&#039;Alb\u00e2tre\" width=\"367\" height=\"230\" \/><\/a><p class=\"jig-HTMLdescription\">Falaises d'Alb\u00e2tre<\/p><\/li><li><a href=\"https:\/\/cap-ailly.com\/capaillyblog\/wp-content\/uploads\/2019\/09\/PHARE-AILLY-11-1-678x1024.jpg\"><img loading=\"lazy\" decoding=\"async\" src=\"https:\/\/cap-ailly.com\/capaillyblog\/wp-content\/plugins\/justified-image-grid\/timthumb.php?src=https%3A%2F%2Fcap-ailly.com%2Fcapaillyblog%2Fwp-content%2Fuploads%2F2019%2F09%2FPHARE-AILLY-11-1-678x1024.jpg&amp;h=230&amp;q=90&amp;f=.jpg\" alt=\"Phare d&#039;Ailly\" width=\"152\" height=\"230\" \/><\/a><p class=\"jig-HTMLdescription\">Phare d'Ailly<\/p><\/li><li><a href=\"https:\/\/cap-ailly.com\/capaillyblog\/wp-content\/uploads\/2019\/09\/PHARE-AILLY-05-1-1024x678.jpg\"><img loading=\"lazy\" decoding=\"async\" src=\"https:\/\/cap-ailly.com\/capaillyblog\/wp-content\/plugins\/justified-image-grid\/timthumb.php?src=https%3A%2F%2Fcap-ailly.com%2Fcapaillyblog%2Fwp-content%2Fuploads%2F2019%2F09%2FPHARE-AILLY-05-1-1024x678.jpg&amp;h=230&amp;q=90&amp;f=.jpg\" alt=\"Daniel Guerout, Fils du dernier gardien\" width=\"347\" height=\"230\" \/><\/a><p class=\"jig-HTMLdescription\">Daniel Guerout, Fils du dernier gardien<\/p><\/li><li><a href=\"https:\/\/cap-ailly.com\/capaillyblog\/wp-content\/uploads\/2019\/09\/PHARE-AILLY-15-1-1024x615.jpg\"><img loading=\"lazy\" decoding=\"async\" src=\"https:\/\/cap-ailly.com\/capaillyblog\/wp-content\/plugins\/justified-image-grid\/timthumb.php?src=https%3A%2F%2Fcap-ailly.com%2Fcapaillyblog%2Fwp-content%2Fuploads%2F2019%2F09%2FPHARE-AILLY-15-1-1024x615.jpg&amp;h=230&amp;q=90&amp;f=.jpg\" alt=\"La vue depuis la lanterne\" width=\"382\" height=\"230\" \/><\/a><p class=\"jig-HTMLdescription\">La vue depuis la lanterne<\/p><\/li><li><a href=\"https:\/\/cap-ailly.com\/capaillyblog\/wp-content\/uploads\/2019\/09\/PHARE-AILLY-01-1-1024x768.jpg\"><img loading=\"lazy\" decoding=\"async\" src=\"https:\/\/cap-ailly.com\/capaillyblog\/wp-content\/plugins\/justified-image-grid\/timthumb.php?src=https%3A%2F%2Fcap-ailly.com%2Fcapaillyblog%2Fwp-content%2Fuploads%2F2019%2F09%2FPHARE-AILLY-01-1-1024x768.jpg&amp;h=230&amp;q=90&amp;f=.jpg\" alt=\"Sur le pont promenade\" width=\"306\" height=\"230\" \/><\/a><p class=\"jig-HTMLdescription\">Sur le pont promenade<\/p><\/li><li><a href=\"https:\/\/cap-ailly.com\/capaillyblog\/wp-content\/uploads\/2019\/09\/RANDO-QUIBER_27-1-1024x678.jpg\"><img loading=\"lazy\" decoding=\"async\" src=\"https:\/\/cap-ailly.com\/capaillyblog\/wp-content\/plugins\/justified-image-grid\/timthumb.php?src=https%3A%2F%2Fcap-ailly.com%2Fcapaillyblog%2Fwp-content%2Fuploads%2F2019%2F09%2FRANDO-QUIBER_27-1-1024x678.jpg&amp;h=230&amp;q=90&amp;f=.jpg\" alt=\"Randonneurs de Quiberville\" width=\"347\" height=\"230\" \/><\/a><p class=\"jig-HTMLdescription\">Randonneurs de Quiberville<\/p><\/li><\/ul><\/noscript><\/div>\n","protected":false},"excerpt":{"rendered":"","protected":false},"author":1,"featured_media":0,"parent":0,"menu_order":0,"comment_status":"closed","ping_status":"closed","template":"","meta":{"footnotes":""},"class_list":["post-219","page","type-page","status-publish","hentry"],"_links":{"self":[{"href":"https:\/\/cap-ailly.com\/capaillyblog\/wp-json\/wp\/v2\/pages\/219","targetHints":{"allow":["GET"]}}],"collection":[{"href":"https:\/\/cap-ailly.com\/capaillyblog\/wp-json\/wp\/v2\/pages"}],"about":[{"href":"https:\/\/cap-ailly.com\/capaillyblog\/wp-json\/wp\/v2\/types\/page"}],"author":[{"embeddable":true,"href":"https:\/\/cap-ailly.com\/capaillyblog\/wp-json\/wp\/v2\/users\/1"}],"replies":[{"embeddable":true,"href":"https:\/\/cap-ailly.com\/capaillyblog\/wp-json\/wp\/v2\/comments?post=219"}],"version-history":[{"count":15,"href":"https:\/\/cap-ailly.com\/capaillyblog\/wp-json\/wp\/v2\/pages\/219\/revisions"}],"predecessor-version":[{"id":265,"href":"https:\/\/cap-ailly.com\/capaillyblog\/wp-json\/wp\/v2\/pages\/219\/revisions\/265"}],"wp:attachment":[{"href":"https:\/\/cap-ailly.com\/capaillyblog\/wp-json\/wp\/v2\/media?parent=219"}],"curies":[{"name":"wp","href":"https:\/\/api.w.org\/{rel}","templated":true}]}}